



{"id":48867,"date":"2025-07-23T13:23:12","date_gmt":"2025-07-23T17:23:12","guid":{"rendered":"https:\/\/ivari.ca\/?post_type=whats-happening&#038;p=48867"},"modified":"2025-07-23T13:30:01","modified_gmt":"2025-07-23T17:30:01","slug":"nous-nacceptons-plus-les-propositions-dassurance-vie-universelle-soumises-par-les-etudiants-internationaux","status":"publish","type":"whats-happening","link":"https:\/\/ivari.ca\/fr\/quoi-de-neuf\/nous-nacceptons-plus-les-propositions-dassurance-vie-universelle-soumises-par-les-etudiants-internationaux\/","title":{"rendered":"Nous n\u2019acceptons plus les propositions d\u2019assurance vie universelle soumises par les \u00e9tudiants internationaux"},"content":{"rendered":"<div class=\"wpb-content-wrapper\"><p>[vc_row css=\u00a0\u00bb.vc_custom_1634649296002{background-position: center !important;background-repeat: no-repeat !important;background-size: cover !important;}\u00a0\u00bb el_id=\u00a0\u00bbpost-banner\u00a0\u00bb el_class=\u00a0\u00bbpost-banner-blue\u00a0\u00bb][vc_column][vc_row_inner content_placement=\u00a0\u00bbbottom\u00a0\u00bb css=\u00a0\u00bb.vc_custom_1753291218429{background-image: url(https:\/\/ivari.ca\/files\/Back-view-of-man-presenting-to-students-at-a-lecture-theatre.jpg?id=48865) !important;background-position: center !important;background-repeat: no-repeat !important;background-size: cover !important;}\u00a0\u00bb el_class=\u00a0\u00bbpost-banner\u00a0\u00bb][vc_column_inner el_class=\u00a0\u00bbimage-row-text-column\u00a0\u00bb width=\u00a0\u00bb2\/5&Prime;][vc_column_text css=\u00a0\u00bb\u00a0\u00bb]<\/p>\n<h1>\t\t\t<span id=\"typedjs58\" class=\"animated-typed-js-shortcode \"><\/span>\n\t\t\t<script>\n\t\t\tvar typedjs58 = new Typed('#typedjs58', {\n\t\t\t\tstrings: [\"Nous n\\u2019acceptons plus les propositions d\\u2019assurance vie universelle soumises par les \\u00e9tudiants internationaux \"],\n\t\t\t\ttypeSpeed: 80,\n\t\t\t\tbackSpeed: 50,\n\t\t\t\tbackDelay: 500,\n\t\t\t\tstartDelay: 1000,\n\t\t\t\tloop: false,\n\t\t\t\tloopCount: 0,\n\t\t\t\tfadeOut: false,\n\t\t\t\tfadeOutDelay: 500,\n\t\t\t\tsmartBackspace: true,\n\t\t\t\tshuffle: false,\n\t\t\t\tshowCursor: true,\n\t\t\t\tcursorChar: \"|\"\n\t\t\t});\n\t\t\t<\/script>\n\n\t\t<\/h1>\n<p>[\/vc_column_text][\/vc_column_inner][vc_column_inner width=\u00a0\u00bb3\/5&Prime;][\/vc_column_inner][\/vc_row_inner][\/vc_column][\/vc_row][vc_row][vc_column][vc_column_text css=\u00a0\u00bb\u00a0\u00bb]ivari n\u2019accepte plus les propositions d\u2019assurance vie universelle soumises par les \u00e9tudiants internationaux. Cette d\u00e9cision concorde avec nos efforts soutenus visant, d\u2019une part, \u00e0 mieux aligner notre offre de produits sur les attentes de notre march\u00e9 cible et, d\u2019autre part, \u00e0 optimiser l\u2019exp\u00e9rience de nos clients.<\/p>\n<p>Cela dit, nous restons d\u00e9termin\u00e9s \u00e0 offrir aux \u00e9tudiants internationaux des options d\u2019assurance vie adapt\u00e9es \u00e0 leurs besoins. La <strong>Temporaire 10<\/strong> et les r\u00e9gimes <strong>Vie garantie<\/strong> et <strong>Vie simplifi\u00e9e<\/strong> constituent notamment des solutions pratiques, abordables et flexibles pendant leur s\u00e9jour au Canada.[\/vc_column_text][\/vc_column][\/vc_row]<\/p>\n<\/div>","protected":false},"excerpt":{"rendered":"<p> ivari n\u2019accepte plus les propositions d\u2019assurance vie universelle soumises par les \u00e9tudiants internationaux. Cette d\u00e9cision concorde avec nos efforts soutenus visant, d\u2019une part, \u00e0&#8230;<\/p>\n","protected":false},"featured_media":48866,"template":"","target_channels":[533,440,442,446,444],"query_groups":[548],"class_list":["post-48867","whats-happening","type-whats-happening","status-publish","has-post-thumbnail","hentry","target_channels-administrator-fr","target_channels-brokerage-fr","target_channels-greatway-fr","target_channels-staff-fr","target_channels-wfg-fr","query_groups-info-link-fr"],"acf":[],"yoast_head":"<!-- This site is optimized with the Yoast SEO plugin v27.3 - https:\/\/yoast.com\/product\/yoast-seo-wordpress\/ -->\n<title>Nous n\u2019acceptons plus les propositions d\u2019assurance vie universelle soumises par les \u00e9tudiants internationaux - ivari<\/title>\n<meta name=\"robots\" content=\"index, follow, max-snippet:-1, max-image-preview:large, max-video-preview:-1\" \/>\n<link rel=\"canonical\" href=\"https:\/\/ivari.ca\/fr\/quoi-de-neuf\/nous-nacceptons-plus-les-propositions-dassurance-vie-universelle-soumises-par-les-etudiants-internationaux\/\" \/>\n<meta property=\"og:locale\" content=\"fr_FR\" \/>\n<meta property=\"og:type\" content=\"article\" \/>\n<meta property=\"og:title\" content=\"Nous n\u2019acceptons plus les propositions d\u2019assurance vie universelle soumises par les \u00e9tudiants internationaux - ivari\" \/>\n<meta property=\"og:description\" content=\"ivari n\u2019accepte plus les propositions d\u2019assurance vie universelle soumises par les \u00e9tudiants internationaux. Cette d\u00e9cision concorde avec nos efforts soutenus visant, d\u2019une part, \u00e0...\" \/>\n<meta property=\"og:url\" content=\"https:\/\/ivari.ca\/fr\/quoi-de-neuf\/nous-nacceptons-plus-les-propositions-dassurance-vie-universelle-soumises-par-les-etudiants-internationaux\/\" \/>\n<meta property=\"og:site_name\" content=\"ivari\" \/>\n<meta property=\"article:modified_time\" content=\"2025-07-23T17:30:01+00:00\" \/>\n<meta property=\"og:image\" content=\"https:\/\/ivari.ca\/files\/Back-view-of-man-presenting-to-students-at-a-lecture-theatre.jpg\" \/>\n\t<meta property=\"og:image:width\" content=\"2000\" \/>\n\t<meta property=\"og:image:height\" content=\"1333\" \/>\n\t<meta property=\"og:image:type\" content=\"image\/jpeg\" \/>\n<meta name=\"twitter:card\" content=\"summary_large_image\" \/>\n<meta name=\"twitter:label1\" content=\"Dur\u00e9e de lecture estim\u00e9e\" \/>\n\t<meta name=\"twitter:data1\" content=\"1 minute\" \/>\n<script type=\"application\/ld+json\" class=\"yoast-schema-graph\">{\"@context\":\"https:\\\/\\\/schema.org\",\"@graph\":[{\"@type\":\"WebPage\",\"@id\":\"https:\\\/\\\/ivari.ca\\\/fr\\\/quoi-de-neuf\\\/nous-nacceptons-plus-les-propositions-dassurance-vie-universelle-soumises-par-les-etudiants-internationaux\\\/\",\"url\":\"https:\\\/\\\/ivari.ca\\\/fr\\\/quoi-de-neuf\\\/nous-nacceptons-plus-les-propositions-dassurance-vie-universelle-soumises-par-les-etudiants-internationaux\\\/\",\"name\":\"Nous n\u2019acceptons plus les propositions d\u2019assurance vie universelle soumises par les \u00e9tudiants internationaux - ivari\",\"isPartOf\":{\"@id\":\"https:\\\/\\\/ivari.ca\\\/#website\"},\"primaryImageOfPage\":{\"@id\":\"https:\\\/\\\/ivari.ca\\\/fr\\\/quoi-de-neuf\\\/nous-nacceptons-plus-les-propositions-dassurance-vie-universelle-soumises-par-les-etudiants-internationaux\\\/#primaryimage\"},\"image\":{\"@id\":\"https:\\\/\\\/ivari.ca\\\/fr\\\/quoi-de-neuf\\\/nous-nacceptons-plus-les-propositions-dassurance-vie-universelle-soumises-par-les-etudiants-internationaux\\\/#primaryimage\"},\"thumbnailUrl\":\"https:\\\/\\\/ivari.ca\\\/files\\\/Back-view-of-man-presenting-to-students-at-a-lecture-theatre.jpg\",\"datePublished\":\"2025-07-23T17:23:12+00:00\",\"dateModified\":\"2025-07-23T17:30:01+00:00\",\"breadcrumb\":{\"@id\":\"https:\\\/\\\/ivari.ca\\\/fr\\\/quoi-de-neuf\\\/nous-nacceptons-plus-les-propositions-dassurance-vie-universelle-soumises-par-les-etudiants-internationaux\\\/#breadcrumb\"},\"inLanguage\":\"fr-FR\",\"potentialAction\":[{\"@type\":\"ReadAction\",\"target\":[\"https:\\\/\\\/ivari.ca\\\/fr\\\/quoi-de-neuf\\\/nous-nacceptons-plus-les-propositions-dassurance-vie-universelle-soumises-par-les-etudiants-internationaux\\\/\"]}]},{\"@type\":\"ImageObject\",\"inLanguage\":\"fr-FR\",\"@id\":\"https:\\\/\\\/ivari.ca\\\/fr\\\/quoi-de-neuf\\\/nous-nacceptons-plus-les-propositions-dassurance-vie-universelle-soumises-par-les-etudiants-internationaux\\\/#primaryimage\",\"url\":\"https:\\\/\\\/ivari.ca\\\/files\\\/Back-view-of-man-presenting-to-students-at-a-lecture-theatre.jpg\",\"contentUrl\":\"https:\\\/\\\/ivari.ca\\\/files\\\/Back-view-of-man-presenting-to-students-at-a-lecture-theatre.jpg\",\"width\":2000,\"height\":1333},{\"@type\":\"BreadcrumbList\",\"@id\":\"https:\\\/\\\/ivari.ca\\\/fr\\\/quoi-de-neuf\\\/nous-nacceptons-plus-les-propositions-dassurance-vie-universelle-soumises-par-les-etudiants-internationaux\\\/#breadcrumb\",\"itemListElement\":[{\"@type\":\"ListItem\",\"position\":1,\"name\":\"Home\",\"item\":\"https:\\\/\\\/ivari.ca\\\/fr\\\/\"},{\"@type\":\"ListItem\",\"position\":2,\"name\":\"Nous n\u2019acceptons plus les propositions d\u2019assurance vie universelle soumises par les \u00e9tudiants internationaux\"}]},{\"@type\":\"WebSite\",\"@id\":\"https:\\\/\\\/ivari.ca\\\/#website\",\"url\":\"https:\\\/\\\/ivari.ca\\\/\",\"name\":\"ivari\",\"description\":\"\",\"potentialAction\":[{\"@type\":\"SearchAction\",\"target\":{\"@type\":\"EntryPoint\",\"urlTemplate\":\"https:\\\/\\\/ivari.ca\\\/?s={search_term_string}\"},\"query-input\":{\"@type\":\"PropertyValueSpecification\",\"valueRequired\":true,\"valueName\":\"search_term_string\"}}],\"inLanguage\":\"fr-FR\"}]}<\/script>\n<!-- \/ Yoast SEO plugin. -->","yoast_head_json":{"title":"Nous n\u2019acceptons plus les propositions d\u2019assurance vie universelle soumises par les \u00e9tudiants internationaux - ivari","robots":{"index":"index","follow":"follow","max-snippet":"max-snippet:-1","max-image-preview":"max-image-preview:large","max-video-preview":"max-video-preview:-1"},"canonical":"https:\/\/ivari.ca\/fr\/quoi-de-neuf\/nous-nacceptons-plus-les-propositions-dassurance-vie-universelle-soumises-par-les-etudiants-internationaux\/","og_locale":"fr_FR","og_type":"article","og_title":"Nous n\u2019acceptons plus les propositions d\u2019assurance vie universelle soumises par les \u00e9tudiants internationaux - ivari","og_description":"ivari n\u2019accepte plus les propositions d\u2019assurance vie universelle soumises par les \u00e9tudiants internationaux. Cette d\u00e9cision concorde avec nos efforts soutenus visant, d\u2019une part, \u00e0...","og_url":"https:\/\/ivari.ca\/fr\/quoi-de-neuf\/nous-nacceptons-plus-les-propositions-dassurance-vie-universelle-soumises-par-les-etudiants-internationaux\/","og_site_name":"ivari","article_modified_time":"2025-07-23T17:30:01+00:00","og_image":[{"width":2000,"height":1333,"url":"https:\/\/ivari.ca\/files\/Back-view-of-man-presenting-to-students-at-a-lecture-theatre.jpg","type":"image\/jpeg"}],"twitter_card":"summary_large_image","twitter_misc":{"Dur\u00e9e de lecture estim\u00e9e":"1 minute"},"schema":{"@context":"https:\/\/schema.org","@graph":[{"@type":"WebPage","@id":"https:\/\/ivari.ca\/fr\/quoi-de-neuf\/nous-nacceptons-plus-les-propositions-dassurance-vie-universelle-soumises-par-les-etudiants-internationaux\/","url":"https:\/\/ivari.ca\/fr\/quoi-de-neuf\/nous-nacceptons-plus-les-propositions-dassurance-vie-universelle-soumises-par-les-etudiants-internationaux\/","name":"Nous n\u2019acceptons plus les propositions d\u2019assurance vie universelle soumises par les \u00e9tudiants internationaux - ivari","isPartOf":{"@id":"https:\/\/ivari.ca\/#website"},"primaryImageOfPage":{"@id":"https:\/\/ivari.ca\/fr\/quoi-de-neuf\/nous-nacceptons-plus-les-propositions-dassurance-vie-universelle-soumises-par-les-etudiants-internationaux\/#primaryimage"},"image":{"@id":"https:\/\/ivari.ca\/fr\/quoi-de-neuf\/nous-nacceptons-plus-les-propositions-dassurance-vie-universelle-soumises-par-les-etudiants-internationaux\/#primaryimage"},"thumbnailUrl":"https:\/\/ivari.ca\/files\/Back-view-of-man-presenting-to-students-at-a-lecture-theatre.jpg","datePublished":"2025-07-23T17:23:12+00:00","dateModified":"2025-07-23T17:30:01+00:00","breadcrumb":{"@id":"https:\/\/ivari.ca\/fr\/quoi-de-neuf\/nous-nacceptons-plus-les-propositions-dassurance-vie-universelle-soumises-par-les-etudiants-internationaux\/#breadcrumb"},"inLanguage":"fr-FR","potentialAction":[{"@type":"ReadAction","target":["https:\/\/ivari.ca\/fr\/quoi-de-neuf\/nous-nacceptons-plus-les-propositions-dassurance-vie-universelle-soumises-par-les-etudiants-internationaux\/"]}]},{"@type":"ImageObject","inLanguage":"fr-FR","@id":"https:\/\/ivari.ca\/fr\/quoi-de-neuf\/nous-nacceptons-plus-les-propositions-dassurance-vie-universelle-soumises-par-les-etudiants-internationaux\/#primaryimage","url":"https:\/\/ivari.ca\/files\/Back-view-of-man-presenting-to-students-at-a-lecture-theatre.jpg","contentUrl":"https:\/\/ivari.ca\/files\/Back-view-of-man-presenting-to-students-at-a-lecture-theatre.jpg","width":2000,"height":1333},{"@type":"BreadcrumbList","@id":"https:\/\/ivari.ca\/fr\/quoi-de-neuf\/nous-nacceptons-plus-les-propositions-dassurance-vie-universelle-soumises-par-les-etudiants-internationaux\/#breadcrumb","itemListElement":[{"@type":"ListItem","position":1,"name":"Home","item":"https:\/\/ivari.ca\/fr\/"},{"@type":"ListItem","position":2,"name":"Nous n\u2019acceptons plus les propositions d\u2019assurance vie universelle soumises par les \u00e9tudiants internationaux"}]},{"@type":"WebSite","@id":"https:\/\/ivari.ca\/#website","url":"https:\/\/ivari.ca\/","name":"ivari","description":"","potentialAction":[{"@type":"SearchAction","target":{"@type":"EntryPoint","urlTemplate":"https:\/\/ivari.ca\/?s={search_term_string}"},"query-input":{"@type":"PropertyValueSpecification","valueRequired":true,"valueName":"search_term_string"}}],"inLanguage":"fr-FR"}]}},"_links":{"self":[{"href":"https:\/\/ivari.ca\/fr\/wp-json\/wp\/v2\/whats-happening\/48867","targetHints":{"allow":["GET"]}}],"collection":[{"href":"https:\/\/ivari.ca\/fr\/wp-json\/wp\/v2\/whats-happening"}],"about":[{"href":"https:\/\/ivari.ca\/fr\/wp-json\/wp\/v2\/types\/whats-happening"}],"wp:featuredmedia":[{"embeddable":true,"href":"https:\/\/ivari.ca\/fr\/wp-json\/wp\/v2\/media\/48866"}],"wp:attachment":[{"href":"https:\/\/ivari.ca\/fr\/wp-json\/wp\/v2\/media?parent=48867"}],"wp:term":[{"taxonomy":"target_channels","embeddable":true,"href":"https:\/\/ivari.ca\/fr\/wp-json\/wp\/v2\/target_channels?post=48867"},{"taxonomy":"query_groups","embeddable":true,"href":"https:\/\/ivari.ca\/fr\/wp-json\/wp\/v2\/query_groups?post=48867"}],"curies":[{"name":"wp","href":"https:\/\/api.w.org\/{rel}","templated":true}]}}