



{"id":45648,"date":"2023-11-02T11:44:35","date_gmt":"2023-11-02T15:44:35","guid":{"rendered":"https:\/\/ivari.ca\/?post_type=whats-happening&#038;p=45648"},"modified":"2023-11-05T20:01:34","modified_gmt":"2023-11-06T01:01:34","slug":"mise-a-jour-des-taux-de-prime-pour-les-polices-autonomes-temporaireselect","status":"publish","type":"whats-happening","link":"https:\/\/ivari.ca\/fr\/quoi-de-neuf\/mise-a-jour-des-taux-de-prime-pour-les-polices-autonomes-temporaireselect\/","title":{"rendered":"Mise \u00e0 jour des taux de prime pour les polices autonomes Temporaire<em>S\u00e9lect<\/em>"},"content":{"rendered":"<div class=\"wpb-content-wrapper\"><p>[vc_row css=\u00a0\u00bb.vc_custom_1634649296002{background-position: center !important;background-repeat: no-repeat !important;background-size: cover !important;}\u00a0\u00bb el_id=\u00a0\u00bbpost-banner\u00a0\u00bb el_class=\u00a0\u00bbpost-banner-blue\u00a0\u00bb][vc_column][vc_row_inner content_placement=\u00a0\u00bbbottom\u00a0\u00bb css=\u00a0\u00bb.vc_custom_1698940412312{background-image: url(https:\/\/ivari.ca\/files\/termselect-img-scaled.jpg?id=45645) !important;background-position: center !important;background-repeat: no-repeat !important;background-size: cover !important;}\u00a0\u00bb el_class=\u00a0\u00bbpost-banner\u00a0\u00bb][vc_column_inner el_class=\u00a0\u00bbimage-row-text-column\u00a0\u00bb width=\u00a0\u00bb2\/5&Prime;][vc_column_text]<\/p>\n<h1>\t\t\t<span id=\"typedjs74\" class=\"animated-typed-js-shortcode \"><\/span>\n\t\t\t<script>\n\t\t\tvar typedjs74 = new Typed('#typedjs74', {\n\t\t\t\tstrings: [\"Mise \\u00e0 jour des taux de prime pour les polices autonomes Temporaire&lt;em&gt;S\\u00e9lect&lt;\\\/em&gt;\"],\n\t\t\t\ttypeSpeed: 80,\n\t\t\t\tbackSpeed: 50,\n\t\t\t\tbackDelay: 500,\n\t\t\t\tstartDelay: 1000,\n\t\t\t\tloop: false,\n\t\t\t\tloopCount: 0,\n\t\t\t\tfadeOut: false,\n\t\t\t\tfadeOutDelay: 500,\n\t\t\t\tsmartBackspace: true,\n\t\t\t\tshuffle: false,\n\t\t\t\tshowCursor: true,\n\t\t\t\tcursorChar: \"|\"\n\t\t\t});\n\t\t\t<\/script>\n\n\t\t<\/h1>\n<p>[\/vc_column_text][\/vc_column_inner][vc_column_inner width=\u00a0\u00bb3\/5&Prime;][\/vc_column_inner][\/vc_row_inner][\/vc_column][\/vc_row][vc_row el_id=\u00a0\u00bbpage-subheader\u00a0\u00bb][vc_column][vc_column_text]\u00c0 compter du 6 novembre, il y aura r\u00e9duction des taux de prime des polices d\u2019assurance autonomes Temporaire<em>S\u00e9lect <\/em>10 et 20. Les plateformes ivari 360 et VisionVie tiendront compte de ces nouveaux taux \u00e9nonc\u00e9s dans le <a href=\"\/files\/LP471FR.pdf\" target=\"_blank\" rel=\"noopener\"><strong>guide des taux Temporaire<em>S\u00e9lect<\/em><\/strong>.<\/a>[\/vc_column_text][\/vc_column][\/vc_row][vc_row][vc_column][vc_column_text]<strong>R\u00e8gles de transition des taux initiaux des polices Temporaire<em>S\u00e9lect<\/em> 10 et 20 <\/strong><\/p>\n<ul>\n<li>Toute proposition re\u00e7ue \u00e0 compter du 6 novembre 2023 sera assujettie aux nouveaux taux.<\/li>\n<li>En ce qui concerne les propositions \u00e0 l\u2019\u00e9tude, nous suivrons les r\u00e8gles de transition \u00e9nonc\u00e9es ci-apr\u00e8s.<\/li>\n<\/ul>\n<table class=\"custom-table\">\n<tbody>\n<tr>\n<th>\u00c9tape du processus de demande<\/th>\n<th>Nouvelles affaires<\/th>\n<\/tr>\n<tr>\n<td><strong>En cours de tarification<\/strong><\/td>\n<td>\n<ul>\n<li>Les nouveaux taux seront applicables.<\/li>\n<li>Il n\u2019y a pas lieu de soumettre une illustration nouvelles affaires ou une autorisation de la part du client.<\/li>\n<\/ul>\n<\/td>\n<\/tr>\n<tr>\n<td><strong>En attente de d\u00e9livrance ou demande de r\u00e9\u00e9mission<\/strong><\/p>\n<p>&nbsp;<\/td>\n<td>\n<ul>\n<li>Toute police r\u00e9gl\u00e9e se trouvant dans la p\u00e9riode de fin de d\u00e9livrance peut faire l\u2019objet d\u2019une r\u00e9\u00e9mission selon les nouveaux taux, sur demande \u00e9crite du conseiller ou du client.<\/li>\n<li>La r\u00e9\u00e9mission des polices en attente de d\u00e9livrance tiendra compte des nouveaux taux, sur demande \u00e9crite du conseiller ou du client, sous r\u00e9serve des lignes directrices g\u00e9n\u00e9rales d\u2019ivari.<\/li>\n<\/ul>\n<\/td>\n<\/tr>\n<tr>\n<td><strong>Dossier sans suite \/ hors risque ou police non prise<\/strong><\/td>\n<td>\n<ul>\n<li>Le client doit soumettre une nouvelle proposition pour b\u00e9n\u00e9ficier des nouveaux taux.<\/li>\n<\/ul>\n<\/td>\n<\/tr>\n<tr>\n<td><strong>Remplacements internes \/ Programme de substitution de la Temporaire 10<\/strong><\/td>\n<td>\n<ul>\n<li>ivari suivra les lignes directrices en vigueur \u00e0 l\u2019\u00e9gard des nouveaux taux.<\/li>\n<\/ul>\n<\/td>\n<\/tr>\n<tr>\n<td><strong>Antidatage<\/strong><\/td>\n<td>\n<ul>\n<li>Les taux r\u00e9duits peuvent s\u2019appliquer dans le cadre des demandes d\u2019antidatage en vue d\u2019un \u00e2ge moins \u00e9lev\u00e9.<\/li>\n<\/ul>\n<\/td>\n<\/tr>\n<\/tbody>\n<\/table>\n<table class=\"custom-table\">\n<tbody>\n<tr>\n<th>\u00c9tape du processus de demande<\/th>\n<th>Modifications de police<\/th>\n<\/tr>\n<tr>\n<td><strong>Remises en vigueur<\/strong><\/td>\n<td>\n<ul>\n<li>Nous continuerons \u00e0 proc\u00e9der aux remises en vigueur dans le cas des d\u00e9ch\u00e9ances de polices survenant dans un d\u00e9lai de deux ans. Les lignes directrices en vigueur (taux initiaux) s\u2019appliqueront.<\/li>\n<\/ul>\n<\/td>\n<\/tr>\n<tr>\n<td><strong>Majoration du capital assur\u00e9 \/ Ajout de couverture<\/strong><\/td>\n<td>\n<ul>\n<li>La nouvelle couverture Temporaire<em>S\u00e9lect <\/em>peut rev\u00eatir une police d\u2019assurance vie temporaire autonome. Les nouveaux taux s\u2019appliqueront aux majorations du capital assur\u00e9 et aux ajouts de couverture.<\/li>\n<li>Les taux des avenants T10, T20 et T30 rev\u00eatant les polices d\u2019assurance vie universelle ne sont pas modifi\u00e9s.<\/li>\n<\/ul>\n<\/td>\n<\/tr>\n<tr>\n<td><strong>Fractionnement de police<\/strong><\/td>\n<td>\n<ul>\n<li>Les processus actuels demeurent inchang\u00e9s. Puisque les fractionnements sont bas\u00e9s sur la couverture initiale, nous appliquerons d\u2019office les m\u00eames taux.<\/li>\n<\/ul>\n<p>&nbsp;<\/td>\n<\/tr>\n<\/tbody>\n<\/table>\n<p>[\/vc_column_text][vc_column_text]Pour obtenir plus de renseignements \u00e0 ce sujet, veuillez consulter le <a href=\"\/files\/LP469FR.pdf\" target=\"_blank\" rel=\"noopener\"><strong>guide de produit Temporaire<em>S\u00e9lect<\/em> \u00e0 l\u2019intention du conseiller<\/strong>.<\/a>[\/vc_column_text][\/vc_column][\/vc_row]<\/p>\n<\/div>","protected":false},"excerpt":{"rendered":"<p>\u00c0 compter du 6 novembre, il y aura r\u00e9duction des taux de prime des polices d\u2019assurance autonomes TemporaireS\u00e9lect 10 et 20. Les plateformes ivari 360 et VisionVie tiendront compte de ces nouveaux taux \u00e9nonc\u00e9s dans le guide des taux TemporaireS\u00e9lect.<\/p>\n","protected":false},"featured_media":45646,"template":"","target_channels":[440,442,446],"query_groups":[],"class_list":["post-45648","whats-happening","type-whats-happening","status-publish","has-post-thumbnail","hentry","target_channels-brokerage-fr","target_channels-greatway-fr","target_channels-staff-fr"],"acf":[],"yoast_head":"<!-- This site is optimized with the Yoast SEO plugin v27.3 - https:\/\/yoast.com\/product\/yoast-seo-wordpress\/ -->\n<title>Mise \u00e0 jour des taux de prime pour les polices autonomes TemporaireS\u00e9lect - ivari<\/title>\n<meta name=\"robots\" content=\"index, follow, max-snippet:-1, max-image-preview:large, max-video-preview:-1\" \/>\n<link rel=\"canonical\" href=\"https:\/\/ivari.ca\/fr\/quoi-de-neuf\/mise-a-jour-des-taux-de-prime-pour-les-polices-autonomes-temporaireselect\/\" \/>\n<meta property=\"og:locale\" content=\"fr_FR\" \/>\n<meta property=\"og:type\" content=\"article\" \/>\n<meta property=\"og:title\" content=\"Mise \u00e0 jour des taux de prime pour les polices autonomes TemporaireS\u00e9lect - ivari\" \/>\n<meta property=\"og:description\" content=\"\u00c0 compter du 6 novembre, il y aura r\u00e9duction des taux de prime des polices d\u2019assurance autonomes TemporaireS\u00e9lect 10 et 20. Les plateformes ivari 360 et VisionVie tiendront compte de ces nouveaux taux \u00e9nonc\u00e9s dans le guide des taux TemporaireS\u00e9lect.\" \/>\n<meta property=\"og:url\" content=\"https:\/\/ivari.ca\/fr\/quoi-de-neuf\/mise-a-jour-des-taux-de-prime-pour-les-polices-autonomes-temporaireselect\/\" \/>\n<meta property=\"og:site_name\" content=\"ivari\" \/>\n<meta property=\"article:modified_time\" content=\"2023-11-06T01:01:34+00:00\" \/>\n<meta property=\"og:image\" content=\"https:\/\/ivari.ca\/files\/termselect-img-scaled.jpg\" \/>\n\t<meta property=\"og:image:width\" content=\"2560\" \/>\n\t<meta property=\"og:image:height\" content=\"1457\" \/>\n\t<meta property=\"og:image:type\" content=\"image\/jpeg\" \/>\n<meta name=\"twitter:card\" content=\"summary_large_image\" \/>\n<meta name=\"twitter:label1\" content=\"Dur\u00e9e de lecture estim\u00e9e\" \/>\n\t<meta name=\"twitter:data1\" content=\"2 minutes\" \/>\n<script type=\"application\/ld+json\" class=\"yoast-schema-graph\">{\"@context\":\"https:\\\/\\\/schema.org\",\"@graph\":[{\"@type\":\"WebPage\",\"@id\":\"https:\\\/\\\/ivari.ca\\\/fr\\\/quoi-de-neuf\\\/mise-a-jour-des-taux-de-prime-pour-les-polices-autonomes-temporaireselect\\\/\",\"url\":\"https:\\\/\\\/ivari.ca\\\/fr\\\/quoi-de-neuf\\\/mise-a-jour-des-taux-de-prime-pour-les-polices-autonomes-temporaireselect\\\/\",\"name\":\"Mise \u00e0 jour des taux de prime pour les polices autonomes TemporaireS\u00e9lect - ivari\",\"isPartOf\":{\"@id\":\"https:\\\/\\\/ivari.ca\\\/#website\"},\"primaryImageOfPage\":{\"@id\":\"https:\\\/\\\/ivari.ca\\\/fr\\\/quoi-de-neuf\\\/mise-a-jour-des-taux-de-prime-pour-les-polices-autonomes-temporaireselect\\\/#primaryimage\"},\"image\":{\"@id\":\"https:\\\/\\\/ivari.ca\\\/fr\\\/quoi-de-neuf\\\/mise-a-jour-des-taux-de-prime-pour-les-polices-autonomes-temporaireselect\\\/#primaryimage\"},\"thumbnailUrl\":\"https:\\\/\\\/ivari.ca\\\/files\\\/termselect-img-scaled.jpg\",\"datePublished\":\"2023-11-02T15:44:35+00:00\",\"dateModified\":\"2023-11-06T01:01:34+00:00\",\"breadcrumb\":{\"@id\":\"https:\\\/\\\/ivari.ca\\\/fr\\\/quoi-de-neuf\\\/mise-a-jour-des-taux-de-prime-pour-les-polices-autonomes-temporaireselect\\\/#breadcrumb\"},\"inLanguage\":\"fr-FR\",\"potentialAction\":[{\"@type\":\"ReadAction\",\"target\":[\"https:\\\/\\\/ivari.ca\\\/fr\\\/quoi-de-neuf\\\/mise-a-jour-des-taux-de-prime-pour-les-polices-autonomes-temporaireselect\\\/\"]}]},{\"@type\":\"ImageObject\",\"inLanguage\":\"fr-FR\",\"@id\":\"https:\\\/\\\/ivari.ca\\\/fr\\\/quoi-de-neuf\\\/mise-a-jour-des-taux-de-prime-pour-les-polices-autonomes-temporaireselect\\\/#primaryimage\",\"url\":\"https:\\\/\\\/ivari.ca\\\/files\\\/termselect-img-scaled.jpg\",\"contentUrl\":\"https:\\\/\\\/ivari.ca\\\/files\\\/termselect-img-scaled.jpg\",\"width\":2560,\"height\":1457,\"caption\":\"termselect-img\"},{\"@type\":\"BreadcrumbList\",\"@id\":\"https:\\\/\\\/ivari.ca\\\/fr\\\/quoi-de-neuf\\\/mise-a-jour-des-taux-de-prime-pour-les-polices-autonomes-temporaireselect\\\/#breadcrumb\",\"itemListElement\":[{\"@type\":\"ListItem\",\"position\":1,\"name\":\"Home\",\"item\":\"https:\\\/\\\/ivari.ca\\\/fr\\\/\"},{\"@type\":\"ListItem\",\"position\":2,\"name\":\"Mise \u00e0 jour des taux de prime pour les polices autonomes TemporaireS\u00e9lect\"}]},{\"@type\":\"WebSite\",\"@id\":\"https:\\\/\\\/ivari.ca\\\/#website\",\"url\":\"https:\\\/\\\/ivari.ca\\\/\",\"name\":\"ivari\",\"description\":\"\",\"potentialAction\":[{\"@type\":\"SearchAction\",\"target\":{\"@type\":\"EntryPoint\",\"urlTemplate\":\"https:\\\/\\\/ivari.ca\\\/?s={search_term_string}\"},\"query-input\":{\"@type\":\"PropertyValueSpecification\",\"valueRequired\":true,\"valueName\":\"search_term_string\"}}],\"inLanguage\":\"fr-FR\"}]}<\/script>\n<!-- \/ Yoast SEO plugin. -->","yoast_head_json":{"title":"Mise \u00e0 jour des taux de prime pour les polices autonomes TemporaireS\u00e9lect - ivari","robots":{"index":"index","follow":"follow","max-snippet":"max-snippet:-1","max-image-preview":"max-image-preview:large","max-video-preview":"max-video-preview:-1"},"canonical":"https:\/\/ivari.ca\/fr\/quoi-de-neuf\/mise-a-jour-des-taux-de-prime-pour-les-polices-autonomes-temporaireselect\/","og_locale":"fr_FR","og_type":"article","og_title":"Mise \u00e0 jour des taux de prime pour les polices autonomes TemporaireS\u00e9lect - ivari","og_description":"\u00c0 compter du 6 novembre, il y aura r\u00e9duction des taux de prime des polices d\u2019assurance autonomes TemporaireS\u00e9lect 10 et 20. Les plateformes ivari 360 et VisionVie tiendront compte de ces nouveaux taux \u00e9nonc\u00e9s dans le guide des taux TemporaireS\u00e9lect.","og_url":"https:\/\/ivari.ca\/fr\/quoi-de-neuf\/mise-a-jour-des-taux-de-prime-pour-les-polices-autonomes-temporaireselect\/","og_site_name":"ivari","article_modified_time":"2023-11-06T01:01:34+00:00","og_image":[{"width":2560,"height":1457,"url":"https:\/\/ivari.ca\/files\/termselect-img-scaled.jpg","type":"image\/jpeg"}],"twitter_card":"summary_large_image","twitter_misc":{"Dur\u00e9e de lecture estim\u00e9e":"2 minutes"},"schema":{"@context":"https:\/\/schema.org","@graph":[{"@type":"WebPage","@id":"https:\/\/ivari.ca\/fr\/quoi-de-neuf\/mise-a-jour-des-taux-de-prime-pour-les-polices-autonomes-temporaireselect\/","url":"https:\/\/ivari.ca\/fr\/quoi-de-neuf\/mise-a-jour-des-taux-de-prime-pour-les-polices-autonomes-temporaireselect\/","name":"Mise \u00e0 jour des taux de prime pour les polices autonomes TemporaireS\u00e9lect - ivari","isPartOf":{"@id":"https:\/\/ivari.ca\/#website"},"primaryImageOfPage":{"@id":"https:\/\/ivari.ca\/fr\/quoi-de-neuf\/mise-a-jour-des-taux-de-prime-pour-les-polices-autonomes-temporaireselect\/#primaryimage"},"image":{"@id":"https:\/\/ivari.ca\/fr\/quoi-de-neuf\/mise-a-jour-des-taux-de-prime-pour-les-polices-autonomes-temporaireselect\/#primaryimage"},"thumbnailUrl":"https:\/\/ivari.ca\/files\/termselect-img-scaled.jpg","datePublished":"2023-11-02T15:44:35+00:00","dateModified":"2023-11-06T01:01:34+00:00","breadcrumb":{"@id":"https:\/\/ivari.ca\/fr\/quoi-de-neuf\/mise-a-jour-des-taux-de-prime-pour-les-polices-autonomes-temporaireselect\/#breadcrumb"},"inLanguage":"fr-FR","potentialAction":[{"@type":"ReadAction","target":["https:\/\/ivari.ca\/fr\/quoi-de-neuf\/mise-a-jour-des-taux-de-prime-pour-les-polices-autonomes-temporaireselect\/"]}]},{"@type":"ImageObject","inLanguage":"fr-FR","@id":"https:\/\/ivari.ca\/fr\/quoi-de-neuf\/mise-a-jour-des-taux-de-prime-pour-les-polices-autonomes-temporaireselect\/#primaryimage","url":"https:\/\/ivari.ca\/files\/termselect-img-scaled.jpg","contentUrl":"https:\/\/ivari.ca\/files\/termselect-img-scaled.jpg","width":2560,"height":1457,"caption":"termselect-img"},{"@type":"BreadcrumbList","@id":"https:\/\/ivari.ca\/fr\/quoi-de-neuf\/mise-a-jour-des-taux-de-prime-pour-les-polices-autonomes-temporaireselect\/#breadcrumb","itemListElement":[{"@type":"ListItem","position":1,"name":"Home","item":"https:\/\/ivari.ca\/fr\/"},{"@type":"ListItem","position":2,"name":"Mise \u00e0 jour des taux de prime pour les polices autonomes TemporaireS\u00e9lect"}]},{"@type":"WebSite","@id":"https:\/\/ivari.ca\/#website","url":"https:\/\/ivari.ca\/","name":"ivari","description":"","potentialAction":[{"@type":"SearchAction","target":{"@type":"EntryPoint","urlTemplate":"https:\/\/ivari.ca\/?s={search_term_string}"},"query-input":{"@type":"PropertyValueSpecification","valueRequired":true,"valueName":"search_term_string"}}],"inLanguage":"fr-FR"}]}},"_links":{"self":[{"href":"https:\/\/ivari.ca\/fr\/wp-json\/wp\/v2\/whats-happening\/45648","targetHints":{"allow":["GET"]}}],"collection":[{"href":"https:\/\/ivari.ca\/fr\/wp-json\/wp\/v2\/whats-happening"}],"about":[{"href":"https:\/\/ivari.ca\/fr\/wp-json\/wp\/v2\/types\/whats-happening"}],"wp:featuredmedia":[{"embeddable":true,"href":"https:\/\/ivari.ca\/fr\/wp-json\/wp\/v2\/media\/45646"}],"wp:attachment":[{"href":"https:\/\/ivari.ca\/fr\/wp-json\/wp\/v2\/media?parent=45648"}],"wp:term":[{"taxonomy":"target_channels","embeddable":true,"href":"https:\/\/ivari.ca\/fr\/wp-json\/wp\/v2\/target_channels?post=45648"},{"taxonomy":"query_groups","embeddable":true,"href":"https:\/\/ivari.ca\/fr\/wp-json\/wp\/v2\/query_groups?post=45648"}],"curies":[{"name":"wp","href":"https:\/\/api.w.org\/{rel}","templated":true}]}}