



{"id":39396,"date":"2021-10-25T12:16:21","date_gmt":"2021-10-25T16:16:21","guid":{"rendered":"https:\/\/ivari.ca\/?post_type=whats-happening&#038;p=39396"},"modified":"2023-05-18T12:17:32","modified_gmt":"2023-05-18T16:17:32","slug":"un-complement-a-notre-assurance-vie-universelle","status":"publish","type":"whats-happening","link":"https:\/\/ivari.ca\/fr\/quoi-de-neuf\/un-complement-a-notre-assurance-vie-universelle\/","title":{"rendered":"Un compl\u00e9ment \u00e0 notre assurance vie universelle"},"content":{"rendered":"<div class=\"wpb-content-wrapper\"><p>[vc_row css=\u00a0\u00bb.vc_custom_1634649296002{background-position: center !important;background-repeat: no-repeat !important;background-size: cover !important;}\u00a0\u00bb el_id=\u00a0\u00bbpost-banner\u00a0\u00bb el_class=\u00a0\u00bbpost-banner-blue\u00a0\u00bb][vc_column][vc_row_inner content_placement=\u00a0\u00bbbottom\u00a0\u00bb css=\u00a0\u00bb.vc_custom_1651675273586{background-image: url(https:\/\/ivari.ca\/files\/shutterstock_1938251782-complement-to-ul-scaled.jpg?id=39402) !important;background-position: center !important;background-repeat: no-repeat !important;background-size: cover !important;}\u00a0\u00bb el_class=\u00a0\u00bbpost-banner\u00a0\u00bb][vc_column_inner el_class=\u00a0\u00bbimage-row-text-column\u00a0\u00bb width=\u00a0\u00bb2\/5&Prime;][vc_column_text]<\/p>\n<h1>\t\t\t<span id=\"typedjs93\" class=\"animated-typed-js-shortcode \"><\/span>\n\t\t\t<script>\n\t\t\tvar typedjs93 = new Typed('#typedjs93', {\n\t\t\t\tstrings: [\"Un compl\\u00e9ment \\u00e0 notre assurance vie universelle\"],\n\t\t\t\ttypeSpeed: 80,\n\t\t\t\tbackSpeed: 50,\n\t\t\t\tbackDelay: 500,\n\t\t\t\tstartDelay: 1000,\n\t\t\t\tloop: false,\n\t\t\t\tloopCount: 0,\n\t\t\t\tfadeOut: false,\n\t\t\t\tfadeOutDelay: 500,\n\t\t\t\tsmartBackspace: true,\n\t\t\t\tshuffle: false,\n\t\t\t\tshowCursor: true,\n\t\t\t\tcursorChar: \"|\"\n\t\t\t});\n\t\t\t<\/script>\n\n\t\t<\/h1>\n<p>[\/vc_column_text][\/vc_column_inner][vc_column_inner width=\u00a0\u00bb3\/5&Prime;][\/vc_column_inner][\/vc_row_inner][\/vc_column][\/vc_row][vc_row][vc_column][vc_column_text]Notre assurance vie universelle (VU) prosp\u00e9rit\u00e9, produit phare exclusif \u00e0 WFG, constitue une base solide. Elle permet au client d\u2019\u00e9tablir un plan financier complet en lui donnant acc\u00e8s aux Services de conciergerie fun\u00e9raires Everest pour aider \u00e0 la planification successorale et fun\u00e9raire. En outre, les clients se voient offrir nos produits \u00e0 \u00e9tablissement simplifi\u00e9 et \u00e0 \u00e9tablissement garanti ainsi qu\u2019une assurance maladies graves, gr\u00e2ce \u00e0 laquelle ils peuvent se pr\u00e9valoir des soins de sant\u00e9 virtuels de Maple.<\/p>\n<p>\u00c0 compter du 25 octobre 2021, vous aurez \u00e9galement la possibilit\u00e9 d\u2019offrir \u00e0 vos clients le r\u00e9gime d\u2019assurance Universelle ivari pour tout capital assur\u00e9 <u>inf\u00e9rieur \u00e0 500\u00a0000\u00a0$<\/u>.<\/p>\n<p><strong>Des solutions d\u2019assurance des plus diversifi\u00e9es<\/strong><\/p>\n<table class=\"custom-table-border\">\n<colgroup span=\"2\"><\/colgroup>\n<colgroup span=\"1\"><\/colgroup>\n<tbody>\n<tr>\n<th class=\"text-center\" colspan=\"3\">Gamme des produits WFG<\/th>\n<\/tr>\n<tr>\n<th scope=\"col\">Produits prosp\u00e9rit\u00e9<\/th>\n<th scope=\"col\">Produits \u00e0 \u00e9tablissement simplifi\u00e9 et \u00e0 \u00e9tablissement garanti<br \/>\n<span class=\"small\">donnant acc\u00e8s aux Services de conciergerie fun\u00e9raires Everest<\/span><\/th>\n<th scope=\"col\">Produits Universelle ivari<\/th>\n<\/tr>\n<tr>\n<td>\n<ul class=\"simple-list-1\">\n<li><span class=\"fuchsia\">Assurance VU prosp\u00e9rit\u00e9 (donnant acc\u00e8s aux Services de conciergeries fun\u00e9raires Everest pour tout capital assur\u00e9 de 100\u00a0000 $ et plus)<\/span><\/li>\n<li>Avenant d\u2019assurance temporaire prosp\u00e9rit\u00e9 et police d\u2019assurance temporaire prosp\u00e9rit\u00e9<\/li>\n<li>Avenant d\u2019assurance maladies graves et police d\u2019assurance maladies graves<\/li>\n<\/ul>\n<\/td>\n<td>\n<ul class=\"simple-list-1\">\n<li>prosp\u00e9rit\u00e9 \u00e0 \u00e9tablissement simplifi\u00e9<\/li>\n<li>prosp\u00e9rit\u00e9 \u00e0 \u00e9tablissement garanti<\/li>\n<\/ul>\n<\/td>\n<td>\n<ul class=\"simple-list-1\">\n<li>Universelle ivari (avec et sans boni)<\/li>\n<li>Avenant d\u2019assurance Temporaire<em>S\u00e9lect<\/em><\/li>\n<li>Avenant d\u2019assurance maladies graves<\/li>\n<li>Garanties facultatives connexes (Assurance d\u2019enfants, Exon\u00e9ration des primes et D\u00e9c\u00e8s ou mutilation par accident)<\/li>\n<\/ul>\n<p><strong>La Temporaire<em>S\u00e9lect<\/em> N\u2019EST PAS offerte comme police autonome. <\/strong><\/td>\n<\/tr>\n<\/tbody>\n<\/table>\n<p>Ces offres suppl\u00e9mentaires donneront lieu \u00e0 une p\u00e9riode de transition comprise entre le 25 octobre et le 30 novembre 2021, pendant laquelle vous aurez acc\u00e8s aux deux versions de l\u2019Universelle ivari \u00e0 partir de VisionVie selon les modalit\u00e9s indiqu\u00e9es dans le tableau ci-dessous. \u00c0 la fin de la p\u00e9riode de transition, Universelle ivari (2) remplacera Universelle ivari (1) pour tous les capitaux assur\u00e9s. Pour obtenir tous les d\u00e9tails concernant cette p\u00e9riode de transition, veuillez consulter les <a href=\"\/files\/_pda\/WFG2132FR.pdf\" target=\"_blank\" rel=\"noopener noreferrer\">r\u00e8gles de transition<\/a>.<\/p>\n<p>Vous avez maintenant acc\u00e8s \u00e0 trois versions de <em>Vision<\/em>Vie\u00a0:<\/p>\n<table class=\"custom-table-border\">\n<colgroup span=\"2\"><\/colgroup>\n<colgroup span=\"1\"><\/colgroup>\n<tbody>\n<tr>\n<th>Produit<\/th>\n<th>Version de <em>Vision<\/em>Vie<\/th>\n<th>\u00a0D\u00e9tails<\/th>\n<\/tr>\n<tr>\n<td>VU prosp\u00e9rit\u00e9<\/td>\n<td><a href=\"\/fr\/mes-affaires\/outils-pour-les-conseillers\/visionvie\/\"><em>Vision<\/em>Vie 2021.3 WFG <\/a><\/td>\n<td>La nouvelle version est disponible \u00e0 compter du 25 octobre 2021.<\/td>\n<\/tr>\n<tr>\n<td>Universelle ivari (1) \u2013 seulement pour les capitaux assur\u00e9s sup\u00e9rieurs \u00e0 500 000 $<\/td>\n<td><a href=\"\/fr\/mes-affaires\/outils-pour-les-conseillers\/visionvie\/#archives\"><em>Vision<\/em>Vie 2021.2.1<\/a><\/td>\n<td>La version courante n\u2019est disponible que jusqu\u2019au 30 novembre 2021.<\/td>\n<\/tr>\n<tr>\n<td>Universelle ivari (2) \u2013 pour tous les capitaux assur\u00e9s<\/td>\n<td><a href=\"\/fr\/mes-affaires\/outils-pour-les-conseillers\/visionvie\/\"><em>Vision<\/em>Vie 2021.3<\/a><\/td>\n<td>La nouvelle version est disponible \u00e0 compter du 25 octobre 2021.<\/p>\n<p>\u00c0 la fin de la p\u00e9riode de transition, Universelle ivari (2) remplacera Universelle ivari (1) sans imposer de restrictions quant au capital assur\u00e9 et int\u00e9grera les modifications apport\u00e9es \u00e0 la CPA et au bar\u00e8me des r\u00e9cup\u00e9rations.<\/td>\n<\/tr>\n<\/tbody>\n<\/table>\n<p>Pour vous renseigner sur les principales options et caract\u00e9ristiques offertes dans le cadre de l\u2019Universelle ivari, veuillez consulter notre document <a href=\"\/files\/LP1826FR.pdf\" target=\"_blank\" rel=\"noopener\">Universelle ivari &#8211; Assurance vie<\/a>.<\/p>\n<p><strong>Pour toutes questions sur ces offres suppl\u00e9mentaires, n\u2019h\u00e9sitez pas \u00e0 contacter votre <\/strong><strong> <a href=\"mailto:ventes@ivari.ca\">Directeur des ventes WFG<\/a>.<\/strong>[\/vc_column_text][\/vc_column][\/vc_row]<\/p>\n<\/div>","protected":false},"excerpt":{"rendered":"<p>Notre assurance vie universelle (VU) prosp\u00e9rit\u00e9, produit phare exclusif \u00e0 WFG, constitue une base solide. Elle permet au client d\u2019\u00e9tablir un plan financier complet en lui donnant acc\u00e8s aux Services de conciergerie fun\u00e9raires Everest pour aider \u00e0 la planification successorale et fun\u00e9raire<\/p>\n","protected":false},"featured_media":39402,"template":"","target_channels":[446,444],"query_groups":[],"class_list":["post-39396","whats-happening","type-whats-happening","status-publish","has-post-thumbnail","hentry","target_channels-staff-fr","target_channels-wfg-fr"],"acf":[],"yoast_head":"<!-- This site is optimized with the Yoast SEO plugin v27.3 - https:\/\/yoast.com\/product\/yoast-seo-wordpress\/ -->\n<title>Un compl\u00e9ment \u00e0 notre assurance vie universelle - ivari<\/title>\n<meta name=\"robots\" content=\"index, follow, max-snippet:-1, max-image-preview:large, max-video-preview:-1\" \/>\n<link rel=\"canonical\" href=\"https:\/\/ivari.ca\/fr\/quoi-de-neuf\/un-complement-a-notre-assurance-vie-universelle\/\" \/>\n<meta property=\"og:locale\" content=\"fr_FR\" \/>\n<meta property=\"og:type\" content=\"article\" \/>\n<meta property=\"og:title\" content=\"Un compl\u00e9ment \u00e0 notre assurance vie universelle - ivari\" \/>\n<meta property=\"og:description\" content=\"Notre assurance vie universelle (VU) prosp\u00e9rit\u00e9, produit phare exclusif \u00e0 WFG, constitue une base solide. Elle permet au client d\u2019\u00e9tablir un plan financier complet en lui donnant acc\u00e8s aux Services de conciergerie fun\u00e9raires Everest pour aider \u00e0 la planification successorale et fun\u00e9raire\" \/>\n<meta property=\"og:url\" content=\"https:\/\/ivari.ca\/fr\/quoi-de-neuf\/un-complement-a-notre-assurance-vie-universelle\/\" \/>\n<meta property=\"og:site_name\" content=\"ivari\" \/>\n<meta property=\"article:modified_time\" content=\"2023-05-18T16:17:32+00:00\" \/>\n<meta property=\"og:image\" content=\"https:\/\/ivari.ca\/files\/shutterstock_1938251782-complement-to-ul-scaled.jpg\" \/>\n\t<meta property=\"og:image:width\" content=\"2560\" \/>\n\t<meta property=\"og:image:height\" content=\"1707\" \/>\n\t<meta property=\"og:image:type\" content=\"image\/jpeg\" \/>\n<meta name=\"twitter:card\" content=\"summary_large_image\" \/>\n<meta name=\"twitter:label1\" content=\"Dur\u00e9e de lecture estim\u00e9e\" \/>\n\t<meta name=\"twitter:data1\" content=\"3 minutes\" \/>\n<script type=\"application\/ld+json\" class=\"yoast-schema-graph\">{\"@context\":\"https:\\\/\\\/schema.org\",\"@graph\":[{\"@type\":\"WebPage\",\"@id\":\"https:\\\/\\\/ivari.ca\\\/fr\\\/quoi-de-neuf\\\/un-complement-a-notre-assurance-vie-universelle\\\/\",\"url\":\"https:\\\/\\\/ivari.ca\\\/fr\\\/quoi-de-neuf\\\/un-complement-a-notre-assurance-vie-universelle\\\/\",\"name\":\"Un compl\u00e9ment \u00e0 notre assurance vie universelle - ivari\",\"isPartOf\":{\"@id\":\"https:\\\/\\\/ivari.ca\\\/#website\"},\"primaryImageOfPage\":{\"@id\":\"https:\\\/\\\/ivari.ca\\\/fr\\\/quoi-de-neuf\\\/un-complement-a-notre-assurance-vie-universelle\\\/#primaryimage\"},\"image\":{\"@id\":\"https:\\\/\\\/ivari.ca\\\/fr\\\/quoi-de-neuf\\\/un-complement-a-notre-assurance-vie-universelle\\\/#primaryimage\"},\"thumbnailUrl\":\"https:\\\/\\\/ivari.ca\\\/files\\\/shutterstock_1938251782-complement-to-ul-scaled.jpg\",\"datePublished\":\"2021-10-25T16:16:21+00:00\",\"dateModified\":\"2023-05-18T16:17:32+00:00\",\"breadcrumb\":{\"@id\":\"https:\\\/\\\/ivari.ca\\\/fr\\\/quoi-de-neuf\\\/un-complement-a-notre-assurance-vie-universelle\\\/#breadcrumb\"},\"inLanguage\":\"fr-FR\",\"potentialAction\":[{\"@type\":\"ReadAction\",\"target\":[\"https:\\\/\\\/ivari.ca\\\/fr\\\/quoi-de-neuf\\\/un-complement-a-notre-assurance-vie-universelle\\\/\"]}]},{\"@type\":\"ImageObject\",\"inLanguage\":\"fr-FR\",\"@id\":\"https:\\\/\\\/ivari.ca\\\/fr\\\/quoi-de-neuf\\\/un-complement-a-notre-assurance-vie-universelle\\\/#primaryimage\",\"url\":\"https:\\\/\\\/ivari.ca\\\/files\\\/shutterstock_1938251782-complement-to-ul-scaled.jpg\",\"contentUrl\":\"https:\\\/\\\/ivari.ca\\\/files\\\/shutterstock_1938251782-complement-to-ul-scaled.jpg\",\"width\":2560,\"height\":1707,\"caption\":\"Young latin woman in wheelchair working with computer at workplace or office in Mexico city\"},{\"@type\":\"BreadcrumbList\",\"@id\":\"https:\\\/\\\/ivari.ca\\\/fr\\\/quoi-de-neuf\\\/un-complement-a-notre-assurance-vie-universelle\\\/#breadcrumb\",\"itemListElement\":[{\"@type\":\"ListItem\",\"position\":1,\"name\":\"Home\",\"item\":\"https:\\\/\\\/ivari.ca\\\/fr\\\/\"},{\"@type\":\"ListItem\",\"position\":2,\"name\":\"Un compl\u00e9ment \u00e0 notre assurance vie universelle\"}]},{\"@type\":\"WebSite\",\"@id\":\"https:\\\/\\\/ivari.ca\\\/#website\",\"url\":\"https:\\\/\\\/ivari.ca\\\/\",\"name\":\"ivari\",\"description\":\"\",\"potentialAction\":[{\"@type\":\"SearchAction\",\"target\":{\"@type\":\"EntryPoint\",\"urlTemplate\":\"https:\\\/\\\/ivari.ca\\\/?s={search_term_string}\"},\"query-input\":{\"@type\":\"PropertyValueSpecification\",\"valueRequired\":true,\"valueName\":\"search_term_string\"}}],\"inLanguage\":\"fr-FR\"}]}<\/script>\n<!-- \/ Yoast SEO plugin. -->","yoast_head_json":{"title":"Un compl\u00e9ment \u00e0 notre assurance vie universelle - ivari","robots":{"index":"index","follow":"follow","max-snippet":"max-snippet:-1","max-image-preview":"max-image-preview:large","max-video-preview":"max-video-preview:-1"},"canonical":"https:\/\/ivari.ca\/fr\/quoi-de-neuf\/un-complement-a-notre-assurance-vie-universelle\/","og_locale":"fr_FR","og_type":"article","og_title":"Un compl\u00e9ment \u00e0 notre assurance vie universelle - ivari","og_description":"Notre assurance vie universelle (VU) prosp\u00e9rit\u00e9, produit phare exclusif \u00e0 WFG, constitue une base solide. Elle permet au client d\u2019\u00e9tablir un plan financier complet en lui donnant acc\u00e8s aux Services de conciergerie fun\u00e9raires Everest pour aider \u00e0 la planification successorale et fun\u00e9raire","og_url":"https:\/\/ivari.ca\/fr\/quoi-de-neuf\/un-complement-a-notre-assurance-vie-universelle\/","og_site_name":"ivari","article_modified_time":"2023-05-18T16:17:32+00:00","og_image":[{"width":2560,"height":1707,"url":"https:\/\/ivari.ca\/files\/shutterstock_1938251782-complement-to-ul-scaled.jpg","type":"image\/jpeg"}],"twitter_card":"summary_large_image","twitter_misc":{"Dur\u00e9e de lecture estim\u00e9e":"3 minutes"},"schema":{"@context":"https:\/\/schema.org","@graph":[{"@type":"WebPage","@id":"https:\/\/ivari.ca\/fr\/quoi-de-neuf\/un-complement-a-notre-assurance-vie-universelle\/","url":"https:\/\/ivari.ca\/fr\/quoi-de-neuf\/un-complement-a-notre-assurance-vie-universelle\/","name":"Un compl\u00e9ment \u00e0 notre assurance vie universelle - ivari","isPartOf":{"@id":"https:\/\/ivari.ca\/#website"},"primaryImageOfPage":{"@id":"https:\/\/ivari.ca\/fr\/quoi-de-neuf\/un-complement-a-notre-assurance-vie-universelle\/#primaryimage"},"image":{"@id":"https:\/\/ivari.ca\/fr\/quoi-de-neuf\/un-complement-a-notre-assurance-vie-universelle\/#primaryimage"},"thumbnailUrl":"https:\/\/ivari.ca\/files\/shutterstock_1938251782-complement-to-ul-scaled.jpg","datePublished":"2021-10-25T16:16:21+00:00","dateModified":"2023-05-18T16:17:32+00:00","breadcrumb":{"@id":"https:\/\/ivari.ca\/fr\/quoi-de-neuf\/un-complement-a-notre-assurance-vie-universelle\/#breadcrumb"},"inLanguage":"fr-FR","potentialAction":[{"@type":"ReadAction","target":["https:\/\/ivari.ca\/fr\/quoi-de-neuf\/un-complement-a-notre-assurance-vie-universelle\/"]}]},{"@type":"ImageObject","inLanguage":"fr-FR","@id":"https:\/\/ivari.ca\/fr\/quoi-de-neuf\/un-complement-a-notre-assurance-vie-universelle\/#primaryimage","url":"https:\/\/ivari.ca\/files\/shutterstock_1938251782-complement-to-ul-scaled.jpg","contentUrl":"https:\/\/ivari.ca\/files\/shutterstock_1938251782-complement-to-ul-scaled.jpg","width":2560,"height":1707,"caption":"Young latin woman in wheelchair working with computer at workplace or office in Mexico city"},{"@type":"BreadcrumbList","@id":"https:\/\/ivari.ca\/fr\/quoi-de-neuf\/un-complement-a-notre-assurance-vie-universelle\/#breadcrumb","itemListElement":[{"@type":"ListItem","position":1,"name":"Home","item":"https:\/\/ivari.ca\/fr\/"},{"@type":"ListItem","position":2,"name":"Un compl\u00e9ment \u00e0 notre assurance vie universelle"}]},{"@type":"WebSite","@id":"https:\/\/ivari.ca\/#website","url":"https:\/\/ivari.ca\/","name":"ivari","description":"","potentialAction":[{"@type":"SearchAction","target":{"@type":"EntryPoint","urlTemplate":"https:\/\/ivari.ca\/?s={search_term_string}"},"query-input":{"@type":"PropertyValueSpecification","valueRequired":true,"valueName":"search_term_string"}}],"inLanguage":"fr-FR"}]}},"_links":{"self":[{"href":"https:\/\/ivari.ca\/fr\/wp-json\/wp\/v2\/whats-happening\/39396","targetHints":{"allow":["GET"]}}],"collection":[{"href":"https:\/\/ivari.ca\/fr\/wp-json\/wp\/v2\/whats-happening"}],"about":[{"href":"https:\/\/ivari.ca\/fr\/wp-json\/wp\/v2\/types\/whats-happening"}],"wp:featuredmedia":[{"embeddable":true,"href":"https:\/\/ivari.ca\/fr\/wp-json\/wp\/v2\/media\/39402"}],"wp:attachment":[{"href":"https:\/\/ivari.ca\/fr\/wp-json\/wp\/v2\/media?parent=39396"}],"wp:term":[{"taxonomy":"target_channels","embeddable":true,"href":"https:\/\/ivari.ca\/fr\/wp-json\/wp\/v2\/target_channels?post=39396"},{"taxonomy":"query_groups","embeddable":true,"href":"https:\/\/ivari.ca\/fr\/wp-json\/wp\/v2\/query_groups?post=39396"}],"curies":[{"name":"wp","href":"https:\/\/api.w.org\/{rel}","templated":true}]}}